{"id":27045,"date":"2024-05-30T05:31:24","date_gmt":"2024-05-30T05:31:24","guid":{"rendered":"https:\/\/www.virtasenmaalitehdas.fi\/?page_id=27045"},"modified":"2025-06-17T09:38:34","modified_gmt":"2025-06-17T09:38:34","slug":"historia","status":"publish","type":"page","link":"https:\/\/www.virtasenmaalitehdas.fi\/sv\/historia\/","title":{"rendered":"Historia"},"content":{"rendered":"<section class=\"align wp-block-image-and-text background-shape\">\n    <div class=\"wrap wrap-default\">\n            <div class=\"flex \">\n            <div class=\"flex-item six\">\n                                    <div class=\"image keep\">\n                    <img decoding=\"async\"\n        src=\"https:\/\/www.virtasenmaalitehdas.fi\/app\/uploads\/2025\/03\/aimo-virtanen.jpg\"\n        srcset=\"https:\/\/www.virtasenmaalitehdas.fi\/app\/uploads\/2025\/03\/aimo-virtanen.jpg 798w, https:\/\/www.virtasenmaalitehdas.fi\/app\/uploads\/2025\/03\/aimo-virtanen-400x400.jpg 400w, https:\/\/www.virtasenmaalitehdas.fi\/app\/uploads\/2025\/03\/aimo-virtanen-768x768.jpg 768w\"\n        sizes=\"(max-width: 798px) 100vw, 798px\"\n        alt=\"\"\n            >\n        \n                <\/div>\n                                <\/div>\n            <div class=\"flex-item six\">\n                <div class=\"contentcontainer\">\n                            <h2\n    class=\"title title-medium color-red \"\n>\n    Historien om virtasen f\u00e4rgfabrik\n<\/h2>\n                            <div class=\"text theme-red\">\n                        <p>Aimo Virtanen b\u00f6rjade tillverka f\u00e4rger i Pargas, \u00c5bolands sk\u00e4rg\u00e5rd \u00e5r 1959. Enligt honom var han tvungen att g\u00f6ra f\u00e4rgen sj\u00e4lv eftersom det inte fanns dugliga f\u00e4rger till salu. Aimo utvecklade en f\u00e4rg baserad p\u00e5 fyra naturoljor och den skapade Virtasens legendariska rykte om h\u00e5llbara kvalitetsf\u00e4rger.<\/p>\n<p>Virtasens m\u00e5ngsidiga f\u00e4rgfamilj \u00e4r \u00e4n idag det r\u00e4tta valet f\u00f6r s\u00e5v\u00e4l moderna timmerhus som traditionella tr\u00e4byggnader. Virtasens naturliga f\u00e4rger andas och skyddar b\u00e5de familjen samt tr\u00e4ets k\u00e4rn\u00e4. Dessutom \u00e4r de l\u00e4tta att m\u00e5la och rinner ej.<\/p>\n<p>Med flera decenniums erfarenhet v\u00e5gar vi lova, att Virtasens traditionella f\u00e4rger fungerar garanterat precis som lovat.<\/p>\n\n                    <\/div>\n                       <\/div>\n            <\/div>\n        <\/div>\n        <\/div>\n<\/section>\n\n\n<section class=\"align wp-block-quote\">\n    <div class=\"wrap wrap-small\">\n        <div class=\"quote\">\n            <div class=\"has-quote\">\n                <i class=\"fa-solid fa-quote-left\"><\/i>\n                <div>\n                    <p>F\u00e4rgen som h\u00e5ller I sk\u00e4rg\u00e5rdens str\u00e4nga och fuktiga f\u00f6rh\u00e5llanden, h\u00e5ller var som helst!<\/p>\n\n                <\/div>\n            <\/div>\n                    <div class=\"has-author\">\n                            <strong>\n                    Aimo Virtanen\n                <\/strong>\n            <\/div>\n                <\/div>\n    <\/div>\n<\/section>\n\n\n<section class=\"align wp-block-text\">\n    <div class=\"wrap wrap-small\">\n        <h2\n    class=\"title title-medium color-black title-centered\"\n>\n    Ber\u00e4ttelser fr\u00e5n Aimo Virtanens laboratorium\n<\/h2>\n    <div class=\"text theme-black\">\n        <p style=\"text-align: center;\">S\u00e5 h\u00e4r grundar du en f\u00e4rgfabrik<\/p>\n\n    <\/div>\n    <\/div>\n<\/section>\n\n\n<section class=\"align wp-block-image-and-text \">\n    <div class=\"wrap wrap-default\">\n            <div class=\"flex \">\n            <div class=\"flex-item six\">\n                                    <div class=\"image video\">\n                    <iframe loading=\"lazy\" title=\"N\u00e4in perustat maalitehtaan, osa 1\/3: Start Up\" width=\"640\" height=\"360\" src=\"https:\/\/www.youtube.com\/embed\/GVysilgOQgI?feature=oembed\" frameborder=\"0\" allow=\"accelerometer; autoplay; clipboard-write; encrypted-media; gyroscope; picture-in-picture; web-share\" referrerpolicy=\"strict-origin-when-cross-origin\" allowfullscreen><\/iframe>\n                <\/div>\n                                <\/div>\n            <div class=\"flex-item six\">\n                <div class=\"contentcontainer\">\n                            <h2\n    class=\"title title-large color-red \"\n>\n    Start Up\n<\/h2>\n                           <\/div>\n            <\/div>\n        <\/div>\n            <div class=\"flex row-reverse\">\n            <div class=\"flex-item six\">\n                                    <div class=\"image video\">\n                    <iframe loading=\"lazy\" title=\"N\u00e4in perustat maalitehtaan, osa 2\/3: Laajennus\" width=\"640\" height=\"360\" src=\"https:\/\/www.youtube.com\/embed\/XaRmSiWuypA?feature=oembed\" frameborder=\"0\" allow=\"accelerometer; autoplay; clipboard-write; encrypted-media; gyroscope; picture-in-picture; web-share\" referrerpolicy=\"strict-origin-when-cross-origin\" allowfullscreen><\/iframe>\n                <\/div>\n                                <\/div>\n            <div class=\"flex-item six\">\n                <div class=\"contentcontainer\">\n                            <h2\n    class=\"title title-large color-red \"\n>\n    Utvidgningen\n<\/h2>\n                           <\/div>\n            <\/div>\n        <\/div>\n            <div class=\"flex \">\n            <div class=\"flex-item six\">\n                                    <div class=\"image video\">\n                    <iframe loading=\"lazy\" title=\"N\u00e4in perustat maalitehtaan, osa 3\/3: 4 \u00d6ljyn Maalin synty\" width=\"640\" height=\"360\" src=\"https:\/\/www.youtube.com\/embed\/v77RAZHQ8iw?feature=oembed\" frameborder=\"0\" allow=\"accelerometer; autoplay; clipboard-write; encrypted-media; gyroscope; picture-in-picture; web-share\" referrerpolicy=\"strict-origin-when-cross-origin\" allowfullscreen><\/iframe>\n                <\/div>\n                                <\/div>\n            <div class=\"flex-item six\">\n                <div class=\"contentcontainer\">\n                            <h2\n    class=\"title title-large color-red \"\n>\n    Hur 4 oljors f\u00e4rgen blev till\n<\/h2>\n                           <\/div>\n            <\/div>\n        <\/div>\n        <\/div>\n<\/section>\n\n\n<section class=\"align wp-block-share\">\n    <div class=\"some-share\">\n    <h2> Jaa somessa <\/h2>\n    <div class=\"logo facebook\"><i class=\"fa-brands fa-facebook-f\"><\/i><\/div>\n    <div class=\"logo instagram\"><i class=\"fa-brands fa-instagram\"><\/i><\/div>\n    <div class=\"logo x\"><i class=\"fa-brands fa-x-twitter\"><\/i><\/div>\n    <div class=\"logo pinterest\"><i class=\"fa-brands fa-pinterest\"><\/i><\/div>\n    <div class=\"logo whatsapp\"><i class=\"fa-brands fa-whatsapp\"><\/i><\/div>\n<\/div>\n<\/section>\n","protected":false},"excerpt":{"rendered":"","protected":false},"author":1,"featured_media":205,"parent":0,"menu_order":0,"comment_status":"closed","ping_status":"closed","template":"","meta":{"_acf_changed":false,"footnotes":""},"class_list":["post-27045","page","type-page","status-publish","has-post-thumbnail","hentry"],"acf":[],"yoast_head":"<!-- This site is optimized with the Yoast SEO Premium plugin v25.8 (Yoast SEO v27.5) - https:\/\/yoast.com\/product\/yoast-seo-premium-wordpress\/ -->\n<title>Historia - Virtasen Maalitehdas<\/title>\n<meta name=\"description\" content=\"Virtasens m\u00e5ngsidiga f\u00e4rgfamilj \u00e4r \u00e4n idag det r\u00e4tta valet f\u00f6r s\u00e5v\u00e4l moderna timmerhus som traditionella tr\u00e4byggnader.\" \/>\n<meta name=\"robots\" content=\"index, follow, max-snippet:-1, max-image-preview:large, max-video-preview:-1\" \/>\n<link rel=\"canonical\" href=\"https:\/\/www.virtasenmaalitehdas.fi\/sv\/historia\/\" \/>\n<meta property=\"og:locale\" content=\"sv_SE\" \/>\n<meta property=\"og:type\" content=\"article\" \/>\n<meta property=\"og:title\" content=\"Historia\" \/>\n<meta property=\"og:description\" content=\"Virtasens m\u00e5ngsidiga f\u00e4rgfamilj \u00e4r \u00e4n idag det r\u00e4tta valet f\u00f6r s\u00e5v\u00e4l moderna timmerhus som traditionella tr\u00e4byggnader.\" \/>\n<meta property=\"og:url\" content=\"https:\/\/www.virtasenmaalitehdas.fi\/sv\/historia\/\" \/>\n<meta property=\"og:site_name\" content=\"Virtasen Maalitehdas\" \/>\n<meta property=\"article:modified_time\" content=\"2025-06-17T09:38:34+00:00\" \/>\n<meta property=\"og:image\" content=\"https:\/\/www.virtasenmaalitehdas.fi\/app\/uploads\/2024\/05\/virtanen_ideat.jpg\" \/>\n\t<meta property=\"og:image:width\" content=\"2200\" \/>\n\t<meta property=\"og:image:height\" content=\"954\" \/>\n\t<meta property=\"og:image:type\" content=\"image\/jpeg\" \/>\n<meta name=\"twitter:card\" content=\"summary_large_image\" \/>\n<meta name=\"twitter:label1\" content=\"Est. reading time\" \/>\n\t<meta name=\"twitter:data1\" content=\"1 minute\" \/>\n<script type=\"application\/ld+json\" class=\"yoast-schema-graph\">{\"@context\":\"https:\\\/\\\/schema.org\",\"@graph\":[{\"@type\":\"WebPage\",\"@id\":\"https:\\\/\\\/www.virtasenmaalitehdas.fi\\\/sv\\\/historia\\\/\",\"url\":\"https:\\\/\\\/www.virtasenmaalitehdas.fi\\\/sv\\\/historia\\\/\",\"name\":\"Historia - Virtasen Maalitehdas\",\"isPartOf\":{\"@id\":\"https:\\\/\\\/www.virtasenmaalitehdas.fi\\\/sv\\\/#website\"},\"primaryImageOfPage\":{\"@id\":\"https:\\\/\\\/www.virtasenmaalitehdas.fi\\\/sv\\\/historia\\\/#primaryimage\"},\"image\":{\"@id\":\"https:\\\/\\\/www.virtasenmaalitehdas.fi\\\/sv\\\/historia\\\/#primaryimage\"},\"thumbnailUrl\":\"https:\\\/\\\/www.virtasenmaalitehdas.fi\\\/app\\\/uploads\\\/2024\\\/05\\\/virtanen_ideat.jpg\",\"datePublished\":\"2024-05-30T05:31:24+00:00\",\"dateModified\":\"2025-06-17T09:38:34+00:00\",\"description\":\"Virtasens m\u00e5ngsidiga f\u00e4rgfamilj \u00e4r \u00e4n idag det r\u00e4tta valet f\u00f6r s\u00e5v\u00e4l moderna timmerhus som traditionella tr\u00e4byggnader.\",\"breadcrumb\":{\"@id\":\"https:\\\/\\\/www.virtasenmaalitehdas.fi\\\/sv\\\/historia\\\/#breadcrumb\"},\"inLanguage\":\"sv-SE\",\"potentialAction\":[{\"@type\":\"ReadAction\",\"target\":[\"https:\\\/\\\/www.virtasenmaalitehdas.fi\\\/sv\\\/historia\\\/\"]}]},{\"@type\":\"ImageObject\",\"inLanguage\":\"sv-SE\",\"@id\":\"https:\\\/\\\/www.virtasenmaalitehdas.fi\\\/sv\\\/historia\\\/#primaryimage\",\"url\":\"https:\\\/\\\/www.virtasenmaalitehdas.fi\\\/app\\\/uploads\\\/2024\\\/05\\\/virtanen_ideat.jpg\",\"contentUrl\":\"https:\\\/\\\/www.virtasenmaalitehdas.fi\\\/app\\\/uploads\\\/2024\\\/05\\\/virtanen_ideat.jpg\",\"width\":2200,\"height\":954},{\"@type\":\"BreadcrumbList\",\"@id\":\"https:\\\/\\\/www.virtasenmaalitehdas.fi\\\/sv\\\/historia\\\/#breadcrumb\",\"itemListElement\":[{\"@type\":\"ListItem\",\"position\":1,\"name\":\"Home\",\"item\":\"https:\\\/\\\/www.virtasenmaalitehdas.fi\\\/sv\\\/\"},{\"@type\":\"ListItem\",\"position\":2,\"name\":\"Historia\"}]},{\"@type\":\"WebSite\",\"@id\":\"https:\\\/\\\/www.virtasenmaalitehdas.fi\\\/sv\\\/#website\",\"url\":\"https:\\\/\\\/www.virtasenmaalitehdas.fi\\\/sv\\\/\",\"name\":\"Virtasen Maalitehdas\",\"description\":\"Luonnonmukaiset, hengitt\u00e4v\u00e4t maalimme suojelevat perhett\u00e4 ja puuta. Maali, joka kest\u00e4\u00e4 saariston karuissa ja kosteissa olosuhteissa, kest\u00e4\u00e4 miss\u00e4 vaan!\",\"potentialAction\":[{\"@type\":\"SearchAction\",\"target\":{\"@type\":\"EntryPoint\",\"urlTemplate\":\"https:\\\/\\\/www.virtasenmaalitehdas.fi\\\/sv\\\/?s={search_term_string}\"},\"query-input\":{\"@type\":\"PropertyValueSpecification\",\"valueRequired\":true,\"valueName\":\"search_term_string\"}}],\"inLanguage\":\"sv-SE\"}]}<\/script>\n<!-- \/ Yoast SEO Premium plugin. -->","yoast_head_json":{"title":"Historia - Virtasen Maalitehdas","description":"Virtasens m\u00e5ngsidiga f\u00e4rgfamilj \u00e4r \u00e4n idag det r\u00e4tta valet f\u00f6r s\u00e5v\u00e4l moderna timmerhus som traditionella tr\u00e4byggnader.","robots":{"index":"index","follow":"follow","max-snippet":"max-snippet:-1","max-image-preview":"max-image-preview:large","max-video-preview":"max-video-preview:-1"},"canonical":"https:\/\/www.virtasenmaalitehdas.fi\/sv\/historia\/","og_locale":"sv_SE","og_type":"article","og_title":"Historia","og_description":"Virtasens m\u00e5ngsidiga f\u00e4rgfamilj \u00e4r \u00e4n idag det r\u00e4tta valet f\u00f6r s\u00e5v\u00e4l moderna timmerhus som traditionella tr\u00e4byggnader.","og_url":"https:\/\/www.virtasenmaalitehdas.fi\/sv\/historia\/","og_site_name":"Virtasen Maalitehdas","article_modified_time":"2025-06-17T09:38:34+00:00","og_image":[{"width":2200,"height":954,"url":"https:\/\/www.virtasenmaalitehdas.fi\/app\/uploads\/2024\/05\/virtanen_ideat.jpg","type":"image\/jpeg"}],"twitter_card":"summary_large_image","twitter_misc":{"Est. reading time":"1 minute"},"schema":{"@context":"https:\/\/schema.org","@graph":[{"@type":"WebPage","@id":"https:\/\/www.virtasenmaalitehdas.fi\/sv\/historia\/","url":"https:\/\/www.virtasenmaalitehdas.fi\/sv\/historia\/","name":"Historia - Virtasen Maalitehdas","isPartOf":{"@id":"https:\/\/www.virtasenmaalitehdas.fi\/sv\/#website"},"primaryImageOfPage":{"@id":"https:\/\/www.virtasenmaalitehdas.fi\/sv\/historia\/#primaryimage"},"image":{"@id":"https:\/\/www.virtasenmaalitehdas.fi\/sv\/historia\/#primaryimage"},"thumbnailUrl":"https:\/\/www.virtasenmaalitehdas.fi\/app\/uploads\/2024\/05\/virtanen_ideat.jpg","datePublished":"2024-05-30T05:31:24+00:00","dateModified":"2025-06-17T09:38:34+00:00","description":"Virtasens m\u00e5ngsidiga f\u00e4rgfamilj \u00e4r \u00e4n idag det r\u00e4tta valet f\u00f6r s\u00e5v\u00e4l moderna timmerhus som traditionella tr\u00e4byggnader.","breadcrumb":{"@id":"https:\/\/www.virtasenmaalitehdas.fi\/sv\/historia\/#breadcrumb"},"inLanguage":"sv-SE","potentialAction":[{"@type":"ReadAction","target":["https:\/\/www.virtasenmaalitehdas.fi\/sv\/historia\/"]}]},{"@type":"ImageObject","inLanguage":"sv-SE","@id":"https:\/\/www.virtasenmaalitehdas.fi\/sv\/historia\/#primaryimage","url":"https:\/\/www.virtasenmaalitehdas.fi\/app\/uploads\/2024\/05\/virtanen_ideat.jpg","contentUrl":"https:\/\/www.virtasenmaalitehdas.fi\/app\/uploads\/2024\/05\/virtanen_ideat.jpg","width":2200,"height":954},{"@type":"BreadcrumbList","@id":"https:\/\/www.virtasenmaalitehdas.fi\/sv\/historia\/#breadcrumb","itemListElement":[{"@type":"ListItem","position":1,"name":"Home","item":"https:\/\/www.virtasenmaalitehdas.fi\/sv\/"},{"@type":"ListItem","position":2,"name":"Historia"}]},{"@type":"WebSite","@id":"https:\/\/www.virtasenmaalitehdas.fi\/sv\/#website","url":"https:\/\/www.virtasenmaalitehdas.fi\/sv\/","name":"Virtasen Maalitehdas","description":"Luonnonmukaiset, hengitt\u00e4v\u00e4t maalimme suojelevat perhett\u00e4 ja puuta. Maali, joka kest\u00e4\u00e4 saariston karuissa ja kosteissa olosuhteissa, kest\u00e4\u00e4 miss\u00e4 vaan!","potentialAction":[{"@type":"SearchAction","target":{"@type":"EntryPoint","urlTemplate":"https:\/\/www.virtasenmaalitehdas.fi\/sv\/?s={search_term_string}"},"query-input":{"@type":"PropertyValueSpecification","valueRequired":true,"valueName":"search_term_string"}}],"inLanguage":"sv-SE"}]}},"_links":{"self":[{"href":"https:\/\/www.virtasenmaalitehdas.fi\/sv\/wp-json\/wp\/v2\/pages\/27045","targetHints":{"allow":["GET"]}}],"collection":[{"href":"https:\/\/www.virtasenmaalitehdas.fi\/sv\/wp-json\/wp\/v2\/pages"}],"about":[{"href":"https:\/\/www.virtasenmaalitehdas.fi\/sv\/wp-json\/wp\/v2\/types\/page"}],"author":[{"embeddable":true,"href":"https:\/\/www.virtasenmaalitehdas.fi\/sv\/wp-json\/wp\/v2\/users\/1"}],"replies":[{"embeddable":true,"href":"https:\/\/www.virtasenmaalitehdas.fi\/sv\/wp-json\/wp\/v2\/comments?post=27045"}],"version-history":[{"count":12,"href":"https:\/\/www.virtasenmaalitehdas.fi\/sv\/wp-json\/wp\/v2\/pages\/27045\/revisions"}],"predecessor-version":[{"id":27289,"href":"https:\/\/www.virtasenmaalitehdas.fi\/sv\/wp-json\/wp\/v2\/pages\/27045\/revisions\/27289"}],"wp:featuredmedia":[{"embeddable":true,"href":"https:\/\/www.virtasenmaalitehdas.fi\/sv\/wp-json\/wp\/v2\/media\/205"}],"wp:attachment":[{"href":"https:\/\/www.virtasenmaalitehdas.fi\/sv\/wp-json\/wp\/v2\/media?parent=27045"}],"curies":[{"name":"wp","href":"https:\/\/api.w.org\/{rel}","templated":true}]}}