{"id":26879,"date":"2013-04-16T19:55:35","date_gmt":"2013-04-16T19:55:35","guid":{"rendered":"https:\/\/www.virtasenmaalitehdas.fi\/?post_type=product&#038;p=26879"},"modified":"2025-06-17T08:01:46","modified_gmt":"2025-06-17T08:01:46","slug":"dorr-och-fonsterfarg","status":"publish","type":"product","link":"https:\/\/www.virtasenmaalitehdas.fi\/sv\/produkt\/dorr-och-fonsterfarg\/","title":{"rendered":"Virtasen Klasi D\u00f6rr- och f\u00f6nsterf\u00e4rg"},"content":{"rendered":"<section class=\"align wp-block-text\">\n    <div class=\"wrap wrap-small\">\n        <h2\n    class=\"title title-medium color-black \"\n>\n    Slitaget\u00e5lig f\u00e4rg, f\u00f6r f\u00f6nster, d\u00f6rrar och andra inomhusytor\n<\/h2>\n    <div class=\"text theme-black\">\n        <p>Virtasen Klasi \u00e4r en glansig eller sidenmatt (halvmatt) l\u00f6sningsmedelburen f\u00e4rg med stark yta. Den \u00e4r utvecklad i f\u00f6rsta hand f\u00f6r f\u00f6nsterkarmar och inomhusd\u00f6rrar, men den l\u00e4mpar sig utm\u00e4rkt \u00e4ven f\u00f6r t.ex. m\u00f6bler.<\/p>\n<p>F\u00e4rgen torkar relativt snabbt och l\u00e4mpar sig d\u00e4rf\u00f6r \u00e4ven f\u00f6r m\u00e5lning av skivor och m\u00f6bler inomhus.<\/p>\n\n    <\/div>\n    <\/div>\n<\/section>\n","protected":false},"featured_media":25978,"parent":0,"template":"","product_group":[85],"product_usage":[60,61,71,74,75],"product_shine":[],"product_surface":[],"class_list":["post-26879","product","type-product","status-publish","has-post-thumbnail","hentry","product_group-inomhusfarger","product_usage-ikkunoiden-maalaus","product_usage-rintamamiestalo-maalaus","product_usage-huonekalujen-maalaus","product_usage-sisamaalaus","product_usage-sisaovien-maalaus"],"acf":[],"yoast_head":"<!-- This site is optimized with the Yoast SEO Premium plugin v25.8 (Yoast SEO v27.5) - https:\/\/yoast.com\/product\/yoast-seo-premium-wordpress\/ -->\n<title>Virtasen Klasi D\u00f6rr- och f\u00f6nsterf\u00e4rg - Virtasen Maalitehdas<\/title>\n<meta name=\"description\" content=\"Den \u00e4r utvecklad i f\u00f6rsta hand f\u00f6r f\u00f6nsterkarmar och inomhusd\u00f6rrar, men den l\u00e4mpar sig utm\u00e4rkt \u00e4ven f\u00f6r t.ex. m\u00f6bler.\" \/>\n<meta name=\"robots\" content=\"index, follow, max-snippet:-1, max-image-preview:large, max-video-preview:-1\" \/>\n<link rel=\"canonical\" href=\"https:\/\/www.virtasenmaalitehdas.fi\/sv\/produkt\/dorr-och-fonsterfarg\/\" \/>\n<meta property=\"og:locale\" content=\"sv_SE\" \/>\n<meta property=\"og:type\" content=\"article\" \/>\n<meta property=\"og:title\" content=\"Virtasen Klasi D\u00f6rr- och f\u00f6nsterf\u00e4rg\" \/>\n<meta property=\"og:description\" content=\"Den \u00e4r utvecklad i f\u00f6rsta hand f\u00f6r f\u00f6nsterkarmar och inomhusd\u00f6rrar, men den l\u00e4mpar sig utm\u00e4rkt \u00e4ven f\u00f6r t.ex. m\u00f6bler.\" \/>\n<meta property=\"og:url\" content=\"https:\/\/www.virtasenmaalitehdas.fi\/sv\/produkt\/dorr-och-fonsterfarg\/\" \/>\n<meta property=\"og:site_name\" content=\"Virtasen Maalitehdas\" \/>\n<meta property=\"article:modified_time\" content=\"2025-06-17T08:01:46+00:00\" \/>\n<meta property=\"og:image\" content=\"https:\/\/www.virtasenmaalitehdas.fi\/app\/uploads\/2023\/07\/Virtasen-Klasi-Ovi-ja-Ikkunamaali_10L_HT_700px_xs.png\" \/>\n\t<meta property=\"og:image:width\" content=\"700\" \/>\n\t<meta property=\"og:image:height\" content=\"615\" \/>\n\t<meta property=\"og:image:type\" content=\"image\/png\" \/>\n<meta name=\"twitter:card\" content=\"summary_large_image\" \/>\n<meta name=\"twitter:label1\" content=\"Est. reading time\" \/>\n\t<meta name=\"twitter:data1\" content=\"1 minute\" \/>\n<script type=\"application\/ld+json\" class=\"yoast-schema-graph\">{\"@context\":\"https:\\\/\\\/schema.org\",\"@graph\":[{\"@type\":\"WebPage\",\"@id\":\"https:\\\/\\\/www.virtasenmaalitehdas.fi\\\/sv\\\/produkt\\\/dorr-och-fonsterfarg\\\/\",\"url\":\"https:\\\/\\\/www.virtasenmaalitehdas.fi\\\/sv\\\/produkt\\\/dorr-och-fonsterfarg\\\/\",\"name\":\"Virtasen Klasi D\u00f6rr- och f\u00f6nsterf\u00e4rg - Virtasen Maalitehdas\",\"isPartOf\":{\"@id\":\"https:\\\/\\\/www.virtasenmaalitehdas.fi\\\/sv\\\/#website\"},\"primaryImageOfPage\":{\"@id\":\"https:\\\/\\\/www.virtasenmaalitehdas.fi\\\/sv\\\/produkt\\\/dorr-och-fonsterfarg\\\/#primaryimage\"},\"image\":{\"@id\":\"https:\\\/\\\/www.virtasenmaalitehdas.fi\\\/sv\\\/produkt\\\/dorr-och-fonsterfarg\\\/#primaryimage\"},\"thumbnailUrl\":\"https:\\\/\\\/www.virtasenmaalitehdas.fi\\\/app\\\/uploads\\\/2023\\\/07\\\/Virtasen-Klasi-Ovi-ja-Ikkunamaali_10L_HT_700px_xs.png\",\"datePublished\":\"2013-04-16T19:55:35+00:00\",\"dateModified\":\"2025-06-17T08:01:46+00:00\",\"description\":\"Den \u00e4r utvecklad i f\u00f6rsta hand f\u00f6r f\u00f6nsterkarmar och inomhusd\u00f6rrar, men den l\u00e4mpar sig utm\u00e4rkt \u00e4ven f\u00f6r t.ex. m\u00f6bler.\",\"breadcrumb\":{\"@id\":\"https:\\\/\\\/www.virtasenmaalitehdas.fi\\\/sv\\\/produkt\\\/dorr-och-fonsterfarg\\\/#breadcrumb\"},\"inLanguage\":\"sv-SE\",\"potentialAction\":[{\"@type\":\"ReadAction\",\"target\":[\"https:\\\/\\\/www.virtasenmaalitehdas.fi\\\/sv\\\/produkt\\\/dorr-och-fonsterfarg\\\/\"]}]},{\"@type\":\"ImageObject\",\"inLanguage\":\"sv-SE\",\"@id\":\"https:\\\/\\\/www.virtasenmaalitehdas.fi\\\/sv\\\/produkt\\\/dorr-och-fonsterfarg\\\/#primaryimage\",\"url\":\"https:\\\/\\\/www.virtasenmaalitehdas.fi\\\/app\\\/uploads\\\/2023\\\/07\\\/Virtasen-Klasi-Ovi-ja-Ikkunamaali_10L_HT_700px_xs.png\",\"contentUrl\":\"https:\\\/\\\/www.virtasenmaalitehdas.fi\\\/app\\\/uploads\\\/2023\\\/07\\\/Virtasen-Klasi-Ovi-ja-Ikkunamaali_10L_HT_700px_xs.png\",\"width\":700,\"height\":615},{\"@type\":\"BreadcrumbList\",\"@id\":\"https:\\\/\\\/www.virtasenmaalitehdas.fi\\\/sv\\\/produkt\\\/dorr-och-fonsterfarg\\\/#breadcrumb\",\"itemListElement\":[{\"@type\":\"ListItem\",\"position\":1,\"name\":\"Home\",\"item\":\"https:\\\/\\\/www.virtasenmaalitehdas.fi\\\/sv\\\/\"},{\"@type\":\"ListItem\",\"position\":2,\"name\":\"Virtasen Klasi D\u00f6rr- och f\u00f6nsterf\u00e4rg\"}]},{\"@type\":\"WebSite\",\"@id\":\"https:\\\/\\\/www.virtasenmaalitehdas.fi\\\/sv\\\/#website\",\"url\":\"https:\\\/\\\/www.virtasenmaalitehdas.fi\\\/sv\\\/\",\"name\":\"Virtasen Maalitehdas\",\"description\":\"Luonnonmukaiset, hengitt\u00e4v\u00e4t maalimme suojelevat perhett\u00e4 ja puuta. Maali, joka kest\u00e4\u00e4 saariston karuissa ja kosteissa olosuhteissa, kest\u00e4\u00e4 miss\u00e4 vaan!\",\"potentialAction\":[{\"@type\":\"SearchAction\",\"target\":{\"@type\":\"EntryPoint\",\"urlTemplate\":\"https:\\\/\\\/www.virtasenmaalitehdas.fi\\\/sv\\\/?s={search_term_string}\"},\"query-input\":{\"@type\":\"PropertyValueSpecification\",\"valueRequired\":true,\"valueName\":\"search_term_string\"}}],\"inLanguage\":\"sv-SE\"}]}<\/script>\n<!-- \/ Yoast SEO Premium plugin. -->","yoast_head_json":{"title":"Virtasen Klasi D\u00f6rr- och f\u00f6nsterf\u00e4rg - Virtasen Maalitehdas","description":"Den \u00e4r utvecklad i f\u00f6rsta hand f\u00f6r f\u00f6nsterkarmar och inomhusd\u00f6rrar, men den l\u00e4mpar sig utm\u00e4rkt \u00e4ven f\u00f6r t.ex. m\u00f6bler.","robots":{"index":"index","follow":"follow","max-snippet":"max-snippet:-1","max-image-preview":"max-image-preview:large","max-video-preview":"max-video-preview:-1"},"canonical":"https:\/\/www.virtasenmaalitehdas.fi\/sv\/produkt\/dorr-och-fonsterfarg\/","og_locale":"sv_SE","og_type":"article","og_title":"Virtasen Klasi D\u00f6rr- och f\u00f6nsterf\u00e4rg","og_description":"Den \u00e4r utvecklad i f\u00f6rsta hand f\u00f6r f\u00f6nsterkarmar och inomhusd\u00f6rrar, men den l\u00e4mpar sig utm\u00e4rkt \u00e4ven f\u00f6r t.ex. m\u00f6bler.","og_url":"https:\/\/www.virtasenmaalitehdas.fi\/sv\/produkt\/dorr-och-fonsterfarg\/","og_site_name":"Virtasen Maalitehdas","article_modified_time":"2025-06-17T08:01:46+00:00","og_image":[{"width":700,"height":615,"url":"https:\/\/www.virtasenmaalitehdas.fi\/app\/uploads\/2023\/07\/Virtasen-Klasi-Ovi-ja-Ikkunamaali_10L_HT_700px_xs.png","type":"image\/png"}],"twitter_card":"summary_large_image","twitter_misc":{"Est. reading time":"1 minute"},"schema":{"@context":"https:\/\/schema.org","@graph":[{"@type":"WebPage","@id":"https:\/\/www.virtasenmaalitehdas.fi\/sv\/produkt\/dorr-och-fonsterfarg\/","url":"https:\/\/www.virtasenmaalitehdas.fi\/sv\/produkt\/dorr-och-fonsterfarg\/","name":"Virtasen Klasi D\u00f6rr- och f\u00f6nsterf\u00e4rg - Virtasen Maalitehdas","isPartOf":{"@id":"https:\/\/www.virtasenmaalitehdas.fi\/sv\/#website"},"primaryImageOfPage":{"@id":"https:\/\/www.virtasenmaalitehdas.fi\/sv\/produkt\/dorr-och-fonsterfarg\/#primaryimage"},"image":{"@id":"https:\/\/www.virtasenmaalitehdas.fi\/sv\/produkt\/dorr-och-fonsterfarg\/#primaryimage"},"thumbnailUrl":"https:\/\/www.virtasenmaalitehdas.fi\/app\/uploads\/2023\/07\/Virtasen-Klasi-Ovi-ja-Ikkunamaali_10L_HT_700px_xs.png","datePublished":"2013-04-16T19:55:35+00:00","dateModified":"2025-06-17T08:01:46+00:00","description":"Den \u00e4r utvecklad i f\u00f6rsta hand f\u00f6r f\u00f6nsterkarmar och inomhusd\u00f6rrar, men den l\u00e4mpar sig utm\u00e4rkt \u00e4ven f\u00f6r t.ex. m\u00f6bler.","breadcrumb":{"@id":"https:\/\/www.virtasenmaalitehdas.fi\/sv\/produkt\/dorr-och-fonsterfarg\/#breadcrumb"},"inLanguage":"sv-SE","potentialAction":[{"@type":"ReadAction","target":["https:\/\/www.virtasenmaalitehdas.fi\/sv\/produkt\/dorr-och-fonsterfarg\/"]}]},{"@type":"ImageObject","inLanguage":"sv-SE","@id":"https:\/\/www.virtasenmaalitehdas.fi\/sv\/produkt\/dorr-och-fonsterfarg\/#primaryimage","url":"https:\/\/www.virtasenmaalitehdas.fi\/app\/uploads\/2023\/07\/Virtasen-Klasi-Ovi-ja-Ikkunamaali_10L_HT_700px_xs.png","contentUrl":"https:\/\/www.virtasenmaalitehdas.fi\/app\/uploads\/2023\/07\/Virtasen-Klasi-Ovi-ja-Ikkunamaali_10L_HT_700px_xs.png","width":700,"height":615},{"@type":"BreadcrumbList","@id":"https:\/\/www.virtasenmaalitehdas.fi\/sv\/produkt\/dorr-och-fonsterfarg\/#breadcrumb","itemListElement":[{"@type":"ListItem","position":1,"name":"Home","item":"https:\/\/www.virtasenmaalitehdas.fi\/sv\/"},{"@type":"ListItem","position":2,"name":"Virtasen Klasi D\u00f6rr- och f\u00f6nsterf\u00e4rg"}]},{"@type":"WebSite","@id":"https:\/\/www.virtasenmaalitehdas.fi\/sv\/#website","url":"https:\/\/www.virtasenmaalitehdas.fi\/sv\/","name":"Virtasen Maalitehdas","description":"Luonnonmukaiset, hengitt\u00e4v\u00e4t maalimme suojelevat perhett\u00e4 ja puuta. Maali, joka kest\u00e4\u00e4 saariston karuissa ja kosteissa olosuhteissa, kest\u00e4\u00e4 miss\u00e4 vaan!","potentialAction":[{"@type":"SearchAction","target":{"@type":"EntryPoint","urlTemplate":"https:\/\/www.virtasenmaalitehdas.fi\/sv\/?s={search_term_string}"},"query-input":{"@type":"PropertyValueSpecification","valueRequired":true,"valueName":"search_term_string"}}],"inLanguage":"sv-SE"}]}},"_links":{"self":[{"href":"https:\/\/www.virtasenmaalitehdas.fi\/sv\/wp-json\/wp\/v2\/product\/26879","targetHints":{"allow":["GET"]}}],"collection":[{"href":"https:\/\/www.virtasenmaalitehdas.fi\/sv\/wp-json\/wp\/v2\/product"}],"about":[{"href":"https:\/\/www.virtasenmaalitehdas.fi\/sv\/wp-json\/wp\/v2\/types\/product"}],"wp:featuredmedia":[{"embeddable":true,"href":"https:\/\/www.virtasenmaalitehdas.fi\/sv\/wp-json\/wp\/v2\/media\/25978"}],"wp:attachment":[{"href":"https:\/\/www.virtasenmaalitehdas.fi\/sv\/wp-json\/wp\/v2\/media?parent=26879"}],"wp:term":[{"taxonomy":"product_group","embeddable":true,"href":"https:\/\/www.virtasenmaalitehdas.fi\/sv\/wp-json\/wp\/v2\/product_group?post=26879"},{"taxonomy":"product_usage","embeddable":true,"href":"https:\/\/www.virtasenmaalitehdas.fi\/sv\/wp-json\/wp\/v2\/product_usage?post=26879"},{"taxonomy":"product_shine","embeddable":true,"href":"https:\/\/www.virtasenmaalitehdas.fi\/sv\/wp-json\/wp\/v2\/product_shine?post=26879"},{"taxonomy":"product_surface","embeddable":true,"href":"https:\/\/www.virtasenmaalitehdas.fi\/sv\/wp-json\/wp\/v2\/product_surface?post=26879"}],"curies":[{"name":"wp","href":"https:\/\/api.w.org\/{rel}","templated":true}]}}